{"id":557,"date":"2024-01-17T13:44:12","date_gmt":"2024-01-17T12:44:12","guid":{"rendered":"https:\/\/donesdeciencia.webs.upv.es\/cientifiques\/maria-blasco\/"},"modified":"2024-08-07T15:19:03","modified_gmt":"2024-08-07T13:19:03","slug":"maria-blasco","status":"publish","type":"cientifiques","link":"https:\/\/donesdeciencia.webs.upv.es\/es\/cientifiques\/maria-blasco\/","title":{"rendered":"Mar\u00eda Blasco"},"content":{"rendered":"\n<div class=\"wp-block-columns is-layout-flex wp-container-core-columns-is-layout-9d6595d7 wp-block-columns-is-layout-flex\">\n<div class=\"wp-block-column is-layout-flow wp-block-column-is-layout-flow\">\n<div class=\"wp-block-columns are-vertically-aligned-center is-layout-flex wp-container-core-columns-is-layout-9d6595d7 wp-block-columns-is-layout-flex\">\n<div class=\"wp-block-column is-vertically-aligned-center is-layout-flow wp-block-column-is-layout-flow\" style=\"flex-basis:33.33%\">\n<p class=\"has-text-align-center\" id=\"playaudio\"><strong><a href=\"#\" rel=\"nofollow\">\u00c0udio descripci\u00f3<\/a><\/strong><\/p>\n<\/div>\n\n\n\n<div class=\"wp-block-column is-vertically-aligned-center is-layout-flow wp-block-column-is-layout-flow\" style=\"flex-basis:66.66%\">\n<figure class=\"wp-block-audio\"><audio controls src=\"https:\/\/donesdeciencia.webs.upv.es\/wp-content\/uploads\/2024\/04\/M.BLASCO-.mp3\"><\/audio><\/figure>\n<\/div>\n<\/div>\n\n\n\n<figure class=\"wp-block-image size-large\"><img loading=\"lazy\" decoding=\"async\" width=\"1024\" height=\"681\" src=\"https:\/\/donesdeciencia.webs.upv.es\/wp-content\/uploads\/2024\/01\/maria_blasco_p2-1024x681.jpg\" alt=\"\" class=\"wp-image-165\" srcset=\"https:\/\/donesdeciencia.webs.upv.es\/wp-content\/uploads\/2024\/01\/maria_blasco_p2-1024x681.jpg 1024w, https:\/\/donesdeciencia.webs.upv.es\/wp-content\/uploads\/2024\/01\/maria_blasco_p2-300x199.jpg 300w, https:\/\/donesdeciencia.webs.upv.es\/wp-content\/uploads\/2024\/01\/maria_blasco_p2-768x511.jpg 768w, https:\/\/donesdeciencia.webs.upv.es\/wp-content\/uploads\/2024\/01\/maria_blasco_p2-1536x1021.jpg 1536w, https:\/\/donesdeciencia.webs.upv.es\/wp-content\/uploads\/2024\/01\/maria_blasco_p2.jpg 1719w\" sizes=\"auto, (max-width: 1024px) 100vw, 1024px\" \/><\/figure>\n\n\n\n<figure class=\"wp-block-video\"><video height=\"1080\" style=\"aspect-ratio: 1920 \/ 1080;\" width=\"1920\" controls src=\"https:\/\/donesdeciencia.webs.upv.es\/wp-content\/uploads\/2024\/01\/2020-12-18-ciencia-accesible-64136.mp4\"><\/video><\/figure>\n\n\n\n<figure class=\"wp-block-embed is-type-video is-provider-youtube wp-block-embed-youtube wp-embed-aspect-16-9 wp-has-aspect-ratio\"><div class=\"wp-block-embed__wrapper\">\n<iframe loading=\"lazy\" title=\"Dones de ci\u00e8ncia: Mar\u00eda Blasco (lengua de signos)\" width=\"500\" height=\"281\" src=\"https:\/\/www.youtube.com\/embed\/ZsXzkQFfx60?list=PLEXWGQ5mFUj8WNUOGN_6piJvuIjNC4sUS\" frameborder=\"0\" allow=\"accelerometer; autoplay; clipboard-write; encrypted-media; gyroscope; picture-in-picture; web-share\" referrerpolicy=\"strict-origin-when-cross-origin\" allowfullscreen><\/iframe>\n<\/div><\/figure>\n<\/div>\n\n\n\n<div class=\"wp-block-column is-layout-flow wp-block-column-is-layout-flow\">\n<p>La bi\u00f3loga alicantina Mar\u00eda Blasco empez\u00f3 su reconocida trayectoria investigadora despu\u00e9s de defender la tesis doctoral, dirigida por Margarita Salas, en el Centro de Biolog\u00eda Molecular Severo Ochoa de la Universidad Aut\u00f3noma de Madrid.<\/p>\n\n\n\n<p>Con este trabajo, Mar\u00eda Blasco realizaba sus primeras aportaciones cient\u00edficas importantes, al mismo tiempo que empezaba a destacar como experta en el proceso de replicaci\u00f3n del ADN. Motivada por su inter\u00e9s en los mecanismos moleculares que regulan el funcionamiento de los cromosomas, solicit\u00f3 y obtuvo una beca postdoctoral en el laboratorio de investigaci\u00f3n de Cold Spring Harbor (Nueva York). All\u00ed trabaj\u00f3 junto con la persona que m\u00e1s ha marcado su trayectoria profesional, Carol Greider, Premio Nobel de Medicina el 2009.<\/p>\n\n\n\n<p>Cuando el 1993 Mar\u00eda Blasco se incorpor\u00f3 al laboratorio, centr\u00f3 su trabajo en la telomerasa, y muy pronto estuvo en primera l\u00ednea de investigaci\u00f3n al publicar un importante art\u00edculo en la revista Science (1995), dedicado a un minucioso estudio de la enzima telomerasa y sus componentes.<\/p>\n\n\n\n<p>A pesar de las diversas y atractivas ofrecidas que la cient\u00edfica espa\u00f1ola recibi\u00f3 para trabajar en los EE. UU., ella decidi\u00f3 asumir el reto de crear su propio equipo de investigaci\u00f3n a Madrid. Y el 1997 volvi\u00f3 a Espa\u00f1a para ser jefe de grupo al Departamento de Inmunolog\u00eda y Oncolog\u00eda del Centro Nacional de Biotecnolog\u00eda, CSIC.<\/p>\n\n\n\n<p>El 2003 se traslad\u00f3 al Centro Nacional de Investigaciones Oncol\u00f3gicas (CNIO, Madrid), como jefe del Grupo de Tel\u00f3meros y Telomerasa y directora del Programa de oncolog\u00eda molecular.<\/p>\n\n\n\n<p>El 2003 fue la primera mujer del mundo a recibir el prestigioso premio suizo de la Fundaci\u00f3n del C\u00e1ncer Josef Steiner, por su aportaci\u00f3n a la aclaraci\u00f3n del papel de los tel\u00f3meros en el desarrollo del c\u00e1ncer. En el a\u00f1o siguiente, 2004, recibi\u00f3 la Medalla de Oro de la Organizaci\u00f3n Europea de Biolog\u00eda Molecular (EMBO), concedida a la mejor investigadora europea o al mejor investigador europeo menor de 40 a\u00f1os. El 2008, la Fundaci\u00f3n K\u00f6rber, radicada en Hamburgo, distingui\u00f3 Mar\u00eda Blasco con el premio Ciencia Europea, dotado con 750.000 euros, por las investigaciones sobre el c\u00e1ncer. Dos a\u00f1os m\u00e1s tarde, el 2010, fue reconocida con el premio Nacional de Investigaci\u00f3n Santiago Ram\u00f3n y Cajal en el \u00e1rea de Biolog\u00eda.<\/p>\n\n\n\n<p>Desde el 2011, Mar\u00eda Blasco dirige el Centro Nacional de Investigaciones Oncol\u00f3gicas, siente una de las cient\u00edficas espa\u00f1olas m\u00e1s reconocidas internacionalmente por sus contribuciones fundamentales sobre los tel\u00f3meros y la telomerasa ante la funci\u00f3n que ejercen en el c\u00e1ncer y el envejecimiento.<\/p>\n<\/div>\n<\/div>\n\n\n\n<hr class=\"wp-block-separator has-alpha-channel-opacity is-style-wide\"\/>\n\n\n\n<div class=\"wp-block-columns is-layout-flex wp-container-core-columns-is-layout-9d6595d7 wp-block-columns-is-layout-flex\">\n<div class=\"wp-block-column is-layout-flow wp-block-column-is-layout-flow\" style=\"flex-basis:25%\"><\/div>\n\n\n\n<div class=\"wp-block-column is-layout-flow wp-block-column-is-layout-flow\" style=\"flex-basis:50%\">\n<div class=\"wp-block-group text-center has-blaubg-background-color has-background is-layout-constrained wp-block-group-is-layout-constrained\">\n<h2 class=\"wp-block-heading has-medium-font-size\">Artista: Mar\u00eda Barrachina<\/h2>\n\n\n\n<p>Ubicaci\u00f3n: IES Sorolla. Calle Jos\u00e9 Mar\u00eda Haro, 2 (Valencia)<\/p>\n\n\n\n<p><a href=\"https:\/\/donesdeciencia.webs.upv.es\/index.html#planol\">Plano<\/a><\/p>\n\n\n\n<p><strong>EMT<\/strong> L\u00edneas: 31, 32, 81, 99, N1, N9<\/p>\n<\/div>\n<\/div>\n\n\n\n<div class=\"wp-block-column is-layout-flow wp-block-column-is-layout-flow\" style=\"flex-basis:25%\"><\/div>\n<\/div>\n\n\n\n<hr class=\"wp-block-separator has-alpha-channel-opacity is-style-wide\"\/>\n","protected":false},"featured_media":397,"menu_order":0,"template":"","class_list":["post-557","cientifiques","type-cientifiques","status-publish","has-post-thumbnail","hentry"],"acf":[],"_links":{"self":[{"href":"https:\/\/donesdeciencia.webs.upv.es\/es\/wp-json\/wp\/v2\/cientifiques\/557","targetHints":{"allow":["GET"]}}],"collection":[{"href":"https:\/\/donesdeciencia.webs.upv.es\/es\/wp-json\/wp\/v2\/cientifiques"}],"about":[{"href":"https:\/\/donesdeciencia.webs.upv.es\/es\/wp-json\/wp\/v2\/types\/cientifiques"}],"wp:featuredmedia":[{"embeddable":true,"href":"https:\/\/donesdeciencia.webs.upv.es\/es\/wp-json\/wp\/v2\/media\/397"}],"wp:attachment":[{"href":"https:\/\/donesdeciencia.webs.upv.es\/es\/wp-json\/wp\/v2\/media?parent=557"}],"curies":[{"name":"wp","href":"https:\/\/api.w.org\/{rel}","templated":true}]}}