{"id":554,"date":"2024-01-17T13:58:20","date_gmt":"2024-01-17T12:58:20","guid":{"rendered":"https:\/\/donesdeciencia.webs.upv.es\/cientifiques\/dolors-corella\/"},"modified":"2024-05-09T17:52:26","modified_gmt":"2024-05-09T15:52:26","slug":"dolors-corella","status":"publish","type":"cientifiques","link":"https:\/\/donesdeciencia.webs.upv.es\/es\/cientifiques\/dolors-corella\/","title":{"rendered":"Dolors Corella"},"content":{"rendered":"\n<div class=\"wp-block-columns is-layout-flex wp-container-core-columns-is-layout-9d6595d7 wp-block-columns-is-layout-flex\">\n<div class=\"wp-block-column is-layout-flow wp-block-column-is-layout-flow\">\n<div class=\"wp-block-columns are-vertically-aligned-center is-layout-flex wp-container-core-columns-is-layout-9d6595d7 wp-block-columns-is-layout-flex\">\n<div class=\"wp-block-column is-vertically-aligned-center is-layout-flow wp-block-column-is-layout-flow\" style=\"flex-basis:33.33%\">\n<p class=\"has-text-align-center\" id=\"playaudio\"><strong><a href=\"#\" rel=\"nofollow\">\u00c0udio descripci\u00f3<\/a><\/strong><\/p>\n<\/div>\n\n\n\n<div class=\"wp-block-column is-vertically-aligned-center is-layout-flow wp-block-column-is-layout-flow\" style=\"flex-basis:66.66%\">\n<figure class=\"wp-block-audio\"><audio controls=\"\" src=\"https:\/\/donesdeciencia.webs.upv.es\/wp-content\/uploads\/2024\/01\/DOLORS-CORELLA-AD.mp3\"><\/audio><\/figure>\n<\/div>\n<\/div>\n\n\n\n<figure class=\"wp-block-image size-large\"><img loading=\"lazy\" decoding=\"async\" width=\"1024\" height=\"681\" src=\"https:\/\/donesdeciencia.webs.upv.es\/wp-content\/uploads\/2024\/01\/dolors_corella_p2-1024x681.jpg\" alt=\"\" class=\"wp-image-179\" srcset=\"https:\/\/donesdeciencia.webs.upv.es\/wp-content\/uploads\/2024\/01\/dolors_corella_p2-1024x681.jpg 1024w, https:\/\/donesdeciencia.webs.upv.es\/wp-content\/uploads\/2024\/01\/dolors_corella_p2-300x199.jpg 300w, https:\/\/donesdeciencia.webs.upv.es\/wp-content\/uploads\/2024\/01\/dolors_corella_p2-768x511.jpg 768w, https:\/\/donesdeciencia.webs.upv.es\/wp-content\/uploads\/2024\/01\/dolors_corella_p2-1536x1021.jpg 1536w, https:\/\/donesdeciencia.webs.upv.es\/wp-content\/uploads\/2024\/01\/dolors_corella_p2.jpg 1719w\" sizes=\"auto, (max-width: 1024px) 100vw, 1024px\" \/><\/figure>\n\n\n\n<figure class=\"wp-block-video\"><video height=\"1080\" style=\"aspect-ratio: 1920 \/ 1080;\" width=\"1920\" controls=\"\" src=\"https:\/\/donesdeciencia.webs.upv.es\/wp-content\/uploads\/2024\/01\/2020-12-18-ciencia-accesible-64137.mp4\"><\/video><\/figure>\n<\/div>\n\n\n\n<div class=\"wp-block-column is-layout-flow wp-block-column-is-layout-flow\">\n<p>Dolors Corella es catedr\u00e1tica de Medicina Preventiva y Salud P\u00fablica en la Facultad de Medicina de la Universitat de Val\u00e8ncia, donde dirige la Unidad de Investigaci\u00f3n de Epidemiolog\u00eda Gen\u00e9tica y Molecular desde el 1998. Es tambi\u00e9n cabe de grupo del CEBEROBN desde el 2006.<\/p>\n\n\n\n<p>Pionera en el desarrollo de la Gen\u00f3mica Nutricional junto con Jos\u00e9 Mar\u00eda Ordov\u00e1s, inici\u00f3 la carrera investigadora en el Instituto de Investigaciones Citol\u00f3gicas de Val\u00e8ncia, donde centr\u00f3 sus trabajos en la gen\u00f3mica aplicada a la prevenci\u00f3n de enfermedades cardiometab\u00f3licas y se especializ\u00f3 en el estudio de las denominadas interacciones gen-ambiente, donde destaca la dieta entre los factores ambientales.<\/p>\n\n\n\n<p>Premio Jaime I de Investigaci\u00f3n M\u00e9dica el 2018, ha sido reconocida tambi\u00e9n con el premio Memorial Gregorio Mara\u00f1\u00f3n al\/a la Mejor Cient\u00edfico\/a en Alimentaci\u00f3n, concedido por la Real Academia de Gastronom\u00eda en 2017, y el premio Internacional Hip\u00f3crates el 2017, concedido por la Real Academia de Medicina y Cirug\u00eda del Principado de Asturias.<\/p>\n\n\n\n<p>Licenciada en Farmacia el 1989, fue Premio Extraordinario de Licenciatura y de Doctorado en Farmacia en la Universitat de Val\u00e8ncia. Es tambi\u00e9n licenciada en Ciencia y Tecnolog\u00eda de Alimentos, y ha realizado numerosas estancias de investigaci\u00f3n en prestigiosos centros internacionales. Actualmente, centra su trabajo en la integraci\u00f3n de las diferentes \u00f3micas en la investigaci\u00f3n de las interacciones gen-ambiente en general y en nutrigen\u00f3mica en particular. Ha colaborado con decenas de grupos nacionales e internacionales, y ha publicado m\u00e1s de 380 art\u00edculos.<\/p>\n\n\n\n<p>Ha dirigido m\u00e1s de 24 tesis doctorales y numerosos proyectos de investigaci\u00f3n, tanto p\u00fablicos como privados. Forma parte de la Asociaci\u00f3n de Mujeres Investigadoras y Tecn\u00f3logas, y est\u00e1 incorporando la perspectiva de g\u00e9nero en sus proyectos de investigaci\u00f3n a trav\u00e9s de un proyecto de excelencia PROMETEO.<\/p>\n\n\n\n<p>En septiembre del 2019 tom\u00f3 posesi\u00f3n como acad\u00e9mica de la Real Academia Nacional de Farmacia.<\/p>\n<\/div>\n<\/div>\n\n<hr class=\"wp-block-separator has-alpha-channel-opacity is-style-wide\"\/>\n\n<div class=\"wp-block-columns is-layout-flex wp-container-core-columns-is-layout-9d6595d7 wp-block-columns-is-layout-flex\">\n<div class=\"wp-block-column is-layout-flow wp-block-column-is-layout-flow\" style=\"flex-basis:25%\"><\/div>\n\n\n\n<div class=\"wp-block-column is-layout-flow wp-block-column-is-layout-flow\" style=\"flex-basis:50%\">\n<div class=\"wp-block-group text-center has-blaubg-background-color has-background is-layout-constrained wp-block-group-is-layout-constrained\">\n<h2 class=\"wp-block-heading has-medium-font-size\">Artista: Llu\u00efsa Penella<\/h2>\n\n\n\n<p>Ubicaci\u00f3n: IES Joanot Martorell. Calle de la Ciudad del Aprendiz, 2 (Val\u00e8ncia)<\/p>\n\n\n\n<p><a href=\"https:\/\/donesdeciencia.webs.upv.es\/index.html#planol\">Plano<\/a><\/p>\n\n\n\n<p><strong>EMT<\/strong> L\u00edneas: 9, 27, N6<\/p>\n<\/div>\n<\/div>\n\n\n\n<div class=\"wp-block-column is-layout-flow wp-block-column-is-layout-flow\" style=\"flex-basis:25%\"><\/div>\n<\/div>\n\n<hr class=\"wp-block-separator has-alpha-channel-opacity is-style-wide\"\/>\n","protected":false},"featured_media":408,"menu_order":0,"template":"","class_list":["post-554","cientifiques","type-cientifiques","status-publish","has-post-thumbnail","hentry"],"acf":[],"_links":{"self":[{"href":"https:\/\/donesdeciencia.webs.upv.es\/es\/wp-json\/wp\/v2\/cientifiques\/554","targetHints":{"allow":["GET"]}}],"collection":[{"href":"https:\/\/donesdeciencia.webs.upv.es\/es\/wp-json\/wp\/v2\/cientifiques"}],"about":[{"href":"https:\/\/donesdeciencia.webs.upv.es\/es\/wp-json\/wp\/v2\/types\/cientifiques"}],"wp:featuredmedia":[{"embeddable":true,"href":"https:\/\/donesdeciencia.webs.upv.es\/es\/wp-json\/wp\/v2\/media\/408"}],"wp:attachment":[{"href":"https:\/\/donesdeciencia.webs.upv.es\/es\/wp-json\/wp\/v2\/media?parent=554"}],"curies":[{"name":"wp","href":"https:\/\/api.w.org\/{rel}","templated":true}]}}